{"id":251,"date":"2017-02-28T13:19:31","date_gmt":"2017-02-28T13:19:31","guid":{"rendered":"http:\/\/veronicademo.devclick.uk\/?page_id=25"},"modified":"2022-11-24T12:42:05","modified_gmt":"2022-11-24T12:42:05","slug":"chronic-pain-therapy","status":"publish","type":"page","link":"https:\/\/fisioterapia-equilibrium.ch\/?page_id=251","title":{"rendered":"Reumatologia"},"content":{"rendered":"<div id=\"pl-251\"  class=\"panel-layout\" ><div id=\"pg-251-0\"  class=\"panel-grid panel-has-style\" ><div data-overlay-color=\"#000000\" class=\"panel-row-style panel-row-style-for-251-0\" ><div id=\"pgc-251-0-0\"  class=\"panel-grid-cell panel-grid-cell-empty\" ><\/div><div id=\"pgc-251-0-1\"  class=\"panel-grid-cell panel-grid-cell-mobile-last\" ><div id=\"panel-251-0-1-0\" class=\"so-panel widget widget_black-studio-tinymce widget_black_studio_tinymce panel-first-child panel-last-child\" data-index=\"0\" ><div class=\"textwidget\"><p><div id='gallery-1' class='gallery galleryid-251 gallery-columns-3 gallery-size-thumbnail'><figure class='gallery-item'>\n\t\t\t<div class='gallery-icon landscape'>\n\t\t\t\t<a href='https:\/\/fisioterapia-equilibrium.ch\/?attachment_id=451'><img loading=\"lazy\" decoding=\"async\" width=\"150\" height=\"150\" src=\"https:\/\/fisioterapia-equilibrium.ch\/wp-content\/uploads\/2021\/10\/DSCF7570-150x150.jpg\" class=\"attachment-thumbnail size-thumbnail\" alt=\"Piede arto frattura protesi placca riabilitazione distorsione gonfiore linfedema ortopedia traumatologia reumatologia chirurgia mobilizzazione esercizio attivit\u00e0 muscolatura fascia tape tecar\" srcset=\"https:\/\/fisioterapia-equilibrium.ch\/wp-content\/uploads\/2021\/10\/DSCF7570-150x150.jpg 150w, https:\/\/fisioterapia-equilibrium.ch\/wp-content\/uploads\/2021\/10\/DSCF7570-300x300.jpg 300w, https:\/\/fisioterapia-equilibrium.ch\/wp-content\/uploads\/2021\/10\/DSCF7570-1024x1024.jpg 1024w, https:\/\/fisioterapia-equilibrium.ch\/wp-content\/uploads\/2021\/10\/DSCF7570-768x768.jpg 768w, https:\/\/fisioterapia-equilibrium.ch\/wp-content\/uploads\/2021\/10\/DSCF7570-1536x1536.jpg 1536w, https:\/\/fisioterapia-equilibrium.ch\/wp-content\/uploads\/2021\/10\/DSCF7570-2048x2048.jpg 2048w, https:\/\/fisioterapia-equilibrium.ch\/wp-content\/uploads\/2021\/10\/DSCF7570-700x700.jpg 700w, https:\/\/fisioterapia-equilibrium.ch\/wp-content\/uploads\/2021\/10\/DSCF7570-650x650.jpg 650w, https:\/\/fisioterapia-equilibrium.ch\/wp-content\/uploads\/2021\/10\/DSCF7570-390x390.jpg 390w, https:\/\/fisioterapia-equilibrium.ch\/wp-content\/uploads\/2021\/10\/DSCF7570-260x260.jpg 260w\" sizes=\"auto, (max-width: 150px) 100vw, 150px\" \/><\/a>\n\t\t\t<\/div><\/figure><figure class='gallery-item'>\n\t\t\t<div class='gallery-icon landscape'>\n\t\t\t\t<a href='https:\/\/fisioterapia-equilibrium.ch\/?attachment_id=450'><img loading=\"lazy\" decoding=\"async\" width=\"150\" height=\"150\" src=\"https:\/\/fisioterapia-equilibrium.ch\/wp-content\/uploads\/2021\/10\/DSCF7568-150x150.jpg\" class=\"attachment-thumbnail size-thumbnail\" alt=\"Piede arto frattura protesi placca riabilitazione distorsione gonfiore linfedema ortopedia traumatologia reumatologia chirurgia mobilizzazione esercizio attivit\u00e0 muscolatura fascia tape tecar\" \/><\/a>\n\t\t\t<\/div><\/figure><figure class='gallery-item'>\n\t\t\t<div class='gallery-icon portrait'>\n\t\t\t\t<a href='https:\/\/fisioterapia-equilibrium.ch\/?attachment_id=449'><img loading=\"lazy\" decoding=\"async\" width=\"150\" height=\"150\" src=\"https:\/\/fisioterapia-equilibrium.ch\/wp-content\/uploads\/2021\/10\/DSCF7562-150x150.jpg\" class=\"attachment-thumbnail size-thumbnail\" alt=\"Piede arto frattura protesi placca riabilitazione distorsione gonfiore linfedema ortopedia traumatologia reumatologia chirurgia mobilizzazione esercizio attivit\u00e0 muscolatura fascia tape tecar\" \/><\/a>\n\t\t\t<\/div><\/figure><figure class='gallery-item'>\n\t\t\t<div class='gallery-icon landscape'>\n\t\t\t\t<a href='https:\/\/fisioterapia-equilibrium.ch\/?attachment_id=448'><img loading=\"lazy\" decoding=\"async\" width=\"150\" height=\"150\" src=\"https:\/\/fisioterapia-equilibrium.ch\/wp-content\/uploads\/2021\/10\/DSCF7559-150x150.jpg\" class=\"attachment-thumbnail size-thumbnail\" alt=\"Mano arto funzione funzionalit\u00e0 frattura placca distorsione gonfiore linfedema ortopedia traumatologia reumatologia chirurgia mobilizzazione esercizio attivit\u00e0 muscolatura fascia ortesi tecar\" srcset=\"https:\/\/fisioterapia-equilibrium.ch\/wp-content\/uploads\/2021\/10\/DSCF7559-150x150.jpg 150w, https:\/\/fisioterapia-equilibrium.ch\/wp-content\/uploads\/2021\/10\/DSCF7559-300x300.jpg 300w, https:\/\/fisioterapia-equilibrium.ch\/wp-content\/uploads\/2021\/10\/DSCF7559-1024x1024.jpg 1024w, https:\/\/fisioterapia-equilibrium.ch\/wp-content\/uploads\/2021\/10\/DSCF7559-768x768.jpg 768w, https:\/\/fisioterapia-equilibrium.ch\/wp-content\/uploads\/2021\/10\/DSCF7559-1536x1536.jpg 1536w, https:\/\/fisioterapia-equilibrium.ch\/wp-content\/uploads\/2021\/10\/DSCF7559-2048x2048.jpg 2048w, https:\/\/fisioterapia-equilibrium.ch\/wp-content\/uploads\/2021\/10\/DSCF7559-700x700.jpg 700w, https:\/\/fisioterapia-equilibrium.ch\/wp-content\/uploads\/2021\/10\/DSCF7559-650x650.jpg 650w, https:\/\/fisioterapia-equilibrium.ch\/wp-content\/uploads\/2021\/10\/DSCF7559-390x390.jpg 390w, https:\/\/fisioterapia-equilibrium.ch\/wp-content\/uploads\/2021\/10\/DSCF7559-260x260.jpg 260w\" sizes=\"auto, (max-width: 150px) 100vw, 150px\" \/><\/a>\n\t\t\t<\/div><\/figure><figure class='gallery-item'>\n\t\t\t<div class='gallery-icon landscape'>\n\t\t\t\t<a href='https:\/\/fisioterapia-equilibrium.ch\/?attachment_id=445'><img loading=\"lazy\" decoding=\"async\" width=\"150\" height=\"150\" src=\"https:\/\/fisioterapia-equilibrium.ch\/wp-content\/uploads\/2021\/10\/DSCF7550-150x150.jpg\" class=\"attachment-thumbnail size-thumbnail\" alt=\"Mano arto funzione funzionalit\u00e0 frattura placca distorsione gonfiore linfedema ortopedia traumatologia reumatologia chirurgia mobilizzazione esercizio attivit\u00e0 muscolatura fascia ortesi tecar\" \/><\/a>\n\t\t\t<\/div><\/figure>\n\t\t<\/div>\n<\/p>\n<\/div><\/div><\/div><div id=\"pgc-251-0-2\"  class=\"panel-grid-cell panel-grid-cell-empty\" ><\/div><\/div><\/div><div id=\"pg-251-1\"  class=\"panel-grid panel-has-style\" ><div data-overlay-color=\"#000000\" class=\"panel-row-style panel-row-style-for-251-1\" ><div id=\"pgc-251-1-0\"  class=\"panel-grid-cell\" ><div id=\"panel-251-1-0-0\" class=\"so-panel widget widget_black-studio-tinymce widget_black_studio_tinymce panel-first-child panel-last-child\" data-index=\"1\" ><div class=\"textwidget\"><p>La fisioterapia in reumatologia ha il compito, con varie metodiche, di alleviare i dolori, ripristinare o mantenere ove possibile la mobilit\u00e0 e la funzione, in casi di problematiche reumatiche o reumatologiche dell'apparato muscolo-scheletrico e del tessuto connettivo.<\/p>\n<p>La fisioterapia in reumatologia si occupa di trattare varie patologie reumatiche o<br \/>\nreumatologiche, transitorie o degenerative, in varie fasi del decorso che comportano problematiche a carico del sistema muscolo-scheletrico e del tessuto connettivo. Il<br \/>\ntrattamento ha l'obiettivo di alleviare i dolori, migliorare o mantenere il pi\u00f9 possibile la funzione in modo da permettere il mantenimento di un'attivit\u00e0 quotidiana indipendente e di conseguenza la qualit\u00e0 di vita.<\/p>\n<p>Consigliata in caso di:<\/p>\n<ul>\n<li>Dolori alla colonna (lombalgia, cervicale) o agli arti, in casi di artrite, artrosi, artrite reumatoide, fibromialgia, osteoporosi.<\/li>\n<li>Turbe statiche e della postura, anche in giovane et\u00e0<\/li>\n<li>Dolori in gravidanza<\/li>\n<\/ul>\n<\/div><\/div><\/div><\/div><\/div><div id=\"pg-251-2\"  class=\"panel-grid panel-has-style\" ><div data-overlay-color=\"#000000\" class=\"panel-row-style panel-row-style-for-251-2\" ><div id=\"pgc-251-2-0\"  class=\"panel-grid-cell\" ><div id=\"panel-251-2-0-0\" class=\"so-panel widget widget_black-studio-tinymce widget_black_studio_tinymce panel-first-child panel-last-child\" data-index=\"2\" ><h3 class=\"widget-title\">Altri trattamaneti<\/h3><div class=\"textwidget\"><\/div><\/div><\/div><\/div><\/div><div id=\"pg-251-3\"  class=\"panel-grid panel-has-style\" ><div data-overlay-color=\"#000000\" class=\"panel-row-style panel-row-style-for-251-3\" ><div id=\"pgc-251-3-0\"  class=\"panel-grid-cell\" ><div id=\"panel-251-3-0-0\" class=\"so-panel widget widget_dc_featured_page devclick-featured-page panel-first-child panel-last-child\" data-index=\"3\" >\n\t\t\t<article class=\"featured-page featured-page-style-one\">\n\n\t\t\t\t\t\t\t\t\t<a href=\"https:\/\/fisioterapia-equilibrium.ch\/?page_id=249\" class=\"featured-page-image\">\n\t\t\t\t\t\t<img decoding=\"async\" src=\"https:\/\/fisioterapia-equilibrium.ch\/wp-content\/uploads\/2021\/09\/DSCF7584-scaled.jpg\" srcset=\"https:\/\/fisioterapia-equilibrium.ch\/wp-content\/uploads\/2021\/09\/DSCF7584-scaled.jpg 1024w, https:\/\/fisioterapia-equilibrium.ch\/wp-content\/uploads\/2021\/09\/DSCF7584-scaled.jpg 640w, https:\/\/fisioterapia-equilibrium.ch\/wp-content\/uploads\/2021\/09\/DSCF7584-scaled.jpg 320w\" sizes=\"(min-width: 992px) 40vw, 110vw\" alt=\"Analisi anamnesi oggettivit\u00e0 misurazioni test origine testfunzionali reumatologia ortopedia fratture distorsioni lombalgia cervicalgia massaggi linfodrenaggio mobilizzazioni esercizi\">\n\t\t\t\t\t<\/a>\n\t\t\t\t\n\t\t\t\t<div class=\"featured-page-inner text-left\">\n\n\t\t\t\t\t<h3>\n\t\t\t\t\t\t<a href=\"https:\/\/fisioterapia-equilibrium.ch\/?page_id=249\">Linfodrenaggio e Bendaggio<\/a>\n\t\t\t\t\t<\/h3>\n\n\t\t\t\t\t\t\t\t\t\t\t<p>Aenean lacinia bibendum nulla sed consectetur. Aenean eu leo quam. Pellentesque ornare sem lacinia quam venenatis vestibulum....<\/p>\n\t\t\t\t\t\n\t\t\t\t\t\t\t\t\t\t\t<a href=\"https:\/\/fisioterapia-equilibrium.ch\/?page_id=249\" class=\"featured-page-link\">Leggi...<\/a>\n\t\t\t\t\t\n\t\t\t\t<\/div><!-- .featured-page-inner -->\n\n\t\t\t<\/article><!-- .featured-page -->\n\n\t\t<\/div><\/div><div id=\"pgc-251-3-1\"  class=\"panel-grid-cell\" ><div id=\"panel-251-3-1-0\" class=\"so-panel widget widget_dc_featured_page devclick-featured-page panel-first-child panel-last-child\" data-index=\"4\" >\n\t\t\t<article class=\"featured-page featured-page-style-one\">\n\n\t\t\t\t\t\t\t\t\t<a href=\"https:\/\/fisioterapia-equilibrium.ch\/?page_id=250\" class=\"featured-page-image\">\n\t\t\t\t\t\t<img decoding=\"async\" src=\"https:\/\/fisioterapia-equilibrium.ch\/wp-content\/uploads\/2021\/10\/DSCF7535-347x260.jpg\" srcset=\"https:\/\/fisioterapia-equilibrium.ch\/wp-content\/uploads\/2021\/10\/DSCF7535-867x650.jpg 1024w, https:\/\/fisioterapia-equilibrium.ch\/wp-content\/uploads\/2021\/10\/DSCF7535-520x390.jpg 640w, https:\/\/fisioterapia-equilibrium.ch\/wp-content\/uploads\/2021\/10\/DSCF7535-347x260.jpg 320w\" sizes=\"(min-width: 992px) 40vw, 110vw\" alt=\"Ginocchio spalla arto riabilitazione frattura protesi placca distorsione gonfiore linfedema flebo linfedema ortopedia traumatologia reumatologia chirurgia mobilizzazione esercizio attivit\u00e0 muscolatura fascia\">\n\t\t\t\t\t<\/a>\n\t\t\t\t\n\t\t\t\t<div class=\"featured-page-inner text-left\">\n\n\t\t\t\t\t<h3>\n\t\t\t\t\t\t<a href=\"https:\/\/fisioterapia-equilibrium.ch\/?page_id=250\">Ortopedia\/Traumatologia<\/a>\n\t\t\t\t\t<\/h3>\n\n\t\t\t\t\t\t\t\t\t\t\t<p>Aenean lacinia bibendum nulla sed consectetur. Aenean eu leo quam. Pellentesque ornare sem lacinia quam venenatis vestibulum....<\/p>\n\t\t\t\t\t\n\t\t\t\t\t\t\t\t\t\t\t<a href=\"https:\/\/fisioterapia-equilibrium.ch\/?page_id=250\" class=\"featured-page-link\">Leggi...<\/a>\n\t\t\t\t\t\n\t\t\t\t<\/div><!-- .featured-page-inner -->\n\n\t\t\t<\/article><!-- .featured-page -->\n\n\t\t<\/div><\/div><\/div><\/div><\/div>","protected":false},"excerpt":{"rendered":"<p>Aenean lacinia bibendum nulla sed consectetur. Aenean eu leo quam. Pellentesque ornare sem lacinia quam venenatis vestibulum. Lorem ipsum dolor sit amet, consectetur adipiscing elit.<\/p>\n","protected":false},"author":1,"featured_media":451,"parent":248,"menu_order":0,"comment_status":"closed","ping_status":"closed","template":"","meta":{"footnotes":""},"class_list":["post-251","page","type-page","status-publish","has-post-thumbnail","hentry"],"yoast_head":"<!-- This site is optimized with the Yoast SEO plugin v27.2 - https:\/\/yoast.com\/product\/yoast-seo-wordpress\/ -->\n<title>Reumatologia - Equilibrium<\/title>\n<meta name=\"description\" content=\"Riabilitazione in seguito traumi o interventi di chirurgia protesica o con mezzi di sintesi. Mobilizzazione articolare passiva\/attiva, linfodrenaggio, recupero ADL, rinforzo muscolare\" \/>\n<meta name=\"robots\" content=\"index, follow, max-snippet:-1, max-image-preview:large, max-video-preview:-1\" \/>\n<link rel=\"canonical\" href=\"https:\/\/fisioterapia-equilibrium.ch\/?page_id=251\" \/>\n<meta property=\"og:locale\" content=\"it_IT\" \/>\n<meta property=\"og:type\" content=\"article\" \/>\n<meta property=\"og:title\" content=\"Reumatologia - Equilibrium\" \/>\n<meta property=\"og:description\" content=\"Riabilitazione in seguito traumi o interventi di chirurgia protesica o con mezzi di sintesi. Mobilizzazione articolare passiva\/attiva, linfodrenaggio, recupero ADL, rinforzo muscolare\" \/>\n<meta property=\"og:url\" content=\"https:\/\/fisioterapia-equilibrium.ch\/?page_id=251\" \/>\n<meta property=\"og:site_name\" content=\"Equilibrium\" \/>\n<meta property=\"article:publisher\" content=\"https:\/\/www.facebook.com\/micaela.gasparimenotti\" \/>\n<meta property=\"article:modified_time\" content=\"2022-11-24T12:42:05+00:00\" \/>\n<meta property=\"og:image\" content=\"https:\/\/fisioterapia-equilibrium.ch\/wp-content\/uploads\/2021\/10\/DSCF7570-scaled.jpg\" \/>\n\t<meta property=\"og:image:width\" content=\"2560\" \/>\n\t<meta property=\"og:image:height\" content=\"2560\" \/>\n\t<meta property=\"og:image:type\" content=\"image\/jpeg\" \/>\n<meta name=\"twitter:card\" content=\"summary_large_image\" \/>\n<meta name=\"twitter:label1\" content=\"Tempo di lettura stimato\" \/>\n\t<meta name=\"twitter:data1\" content=\"2 minuti\" \/>\n<script type=\"application\/ld+json\" class=\"yoast-schema-graph\">{\"@context\":\"https:\/\/schema.org\",\"@graph\":[{\"@type\":\"WebPage\",\"@id\":\"https:\/\/fisioterapia-equilibrium.ch\/?page_id=251\",\"url\":\"https:\/\/fisioterapia-equilibrium.ch\/?page_id=251\",\"name\":\"Reumatologia - Equilibrium\",\"isPartOf\":{\"@id\":\"https:\/\/fisioterapia-equilibrium.ch\/#website\"},\"primaryImageOfPage\":{\"@id\":\"https:\/\/fisioterapia-equilibrium.ch\/?page_id=251#primaryimage\"},\"image\":{\"@id\":\"https:\/\/fisioterapia-equilibrium.ch\/?page_id=251#primaryimage\"},\"thumbnailUrl\":\"https:\/\/fisioterapia-equilibrium.ch\/wp-content\/uploads\/2021\/10\/DSCF7570-scaled.jpg\",\"datePublished\":\"2017-02-28T13:19:31+00:00\",\"dateModified\":\"2022-11-24T12:42:05+00:00\",\"description\":\"Riabilitazione in seguito traumi o interventi di chirurgia protesica o con mezzi di sintesi. Mobilizzazione articolare passiva\/attiva, linfodrenaggio, recupero ADL, rinforzo muscolare\",\"breadcrumb\":{\"@id\":\"https:\/\/fisioterapia-equilibrium.ch\/?page_id=251#breadcrumb\"},\"inLanguage\":\"it-IT\",\"potentialAction\":[{\"@type\":\"ReadAction\",\"target\":[\"https:\/\/fisioterapia-equilibrium.ch\/?page_id=251\"]}]},{\"@type\":\"ImageObject\",\"inLanguage\":\"it-IT\",\"@id\":\"https:\/\/fisioterapia-equilibrium.ch\/?page_id=251#primaryimage\",\"url\":\"https:\/\/fisioterapia-equilibrium.ch\/wp-content\/uploads\/2021\/10\/DSCF7570-scaled.jpg\",\"contentUrl\":\"https:\/\/fisioterapia-equilibrium.ch\/wp-content\/uploads\/2021\/10\/DSCF7570-scaled.jpg\",\"width\":2560,\"height\":2560,\"caption\":\"Piede arto frattura protesi placca riabilitazione distorsione gonfiore linfedema ortopedia traumatologia reumatologia chirurgia mobilizzazione esercizio attivit\u00e0 muscolatura fascia tape tecar\"},{\"@type\":\"BreadcrumbList\",\"@id\":\"https:\/\/fisioterapia-equilibrium.ch\/?page_id=251#breadcrumb\",\"itemListElement\":[{\"@type\":\"ListItem\",\"position\":1,\"name\":\"Home\",\"item\":\"https:\/\/fisioterapia-equilibrium.ch\/\"},{\"@type\":\"ListItem\",\"position\":2,\"name\":\"Services\",\"item\":\"https:\/\/fisioterapia-equilibrium.ch\/?page_id=248\"},{\"@type\":\"ListItem\",\"position\":3,\"name\":\"Reumatologia\"}]},{\"@type\":\"WebSite\",\"@id\":\"https:\/\/fisioterapia-equilibrium.ch\/#website\",\"url\":\"https:\/\/fisioterapia-equilibrium.ch\/\",\"name\":\"Fisioterapia Equilibrium\",\"description\":\"Fisioterapia\",\"publisher\":{\"@id\":\"https:\/\/fisioterapia-equilibrium.ch\/#organization\"},\"alternateName\":\"Equilibrium\",\"potentialAction\":[{\"@type\":\"SearchAction\",\"target\":{\"@type\":\"EntryPoint\",\"urlTemplate\":\"https:\/\/fisioterapia-equilibrium.ch\/?s={search_term_string}\"},\"query-input\":{\"@type\":\"PropertyValueSpecification\",\"valueRequired\":true,\"valueName\":\"search_term_string\"}}],\"inLanguage\":\"it-IT\"},{\"@type\":\"Organization\",\"@id\":\"https:\/\/fisioterapia-equilibrium.ch\/#organization\",\"name\":\"Fisioterapia Equilibrium\",\"alternateName\":\"Equilibrium\",\"url\":\"https:\/\/fisioterapia-equilibrium.ch\/\",\"logo\":{\"@type\":\"ImageObject\",\"inLanguage\":\"it-IT\",\"@id\":\"https:\/\/fisioterapia-equilibrium.ch\/#\/schema\/logo\/image\/\",\"url\":\"https:\/\/fisioterapia-equilibrium.ch\/wp-content\/uploads\/2021\/09\/Logo_Equilibrium_DEF-01.png\",\"contentUrl\":\"https:\/\/fisioterapia-equilibrium.ch\/wp-content\/uploads\/2021\/09\/Logo_Equilibrium_DEF-01.png\",\"width\":3508,\"height\":2481,\"caption\":\"Fisioterapia Equilibrium\"},\"image\":{\"@id\":\"https:\/\/fisioterapia-equilibrium.ch\/#\/schema\/logo\/image\/\"},\"sameAs\":[\"https:\/\/www.facebook.com\/micaela.gasparimenotti\"]}]}<\/script>\n<!-- \/ Yoast SEO plugin. -->","yoast_head_json":{"title":"Reumatologia - Equilibrium","description":"Riabilitazione in seguito traumi o interventi di chirurgia protesica o con mezzi di sintesi. Mobilizzazione articolare passiva\/attiva, linfodrenaggio, recupero ADL, rinforzo muscolare","robots":{"index":"index","follow":"follow","max-snippet":"max-snippet:-1","max-image-preview":"max-image-preview:large","max-video-preview":"max-video-preview:-1"},"canonical":"https:\/\/fisioterapia-equilibrium.ch\/?page_id=251","og_locale":"it_IT","og_type":"article","og_title":"Reumatologia - Equilibrium","og_description":"Riabilitazione in seguito traumi o interventi di chirurgia protesica o con mezzi di sintesi. Mobilizzazione articolare passiva\/attiva, linfodrenaggio, recupero ADL, rinforzo muscolare","og_url":"https:\/\/fisioterapia-equilibrium.ch\/?page_id=251","og_site_name":"Equilibrium","article_publisher":"https:\/\/www.facebook.com\/micaela.gasparimenotti","article_modified_time":"2022-11-24T12:42:05+00:00","og_image":[{"width":2560,"height":2560,"url":"https:\/\/fisioterapia-equilibrium.ch\/wp-content\/uploads\/2021\/10\/DSCF7570-scaled.jpg","type":"image\/jpeg"}],"twitter_card":"summary_large_image","twitter_misc":{"Tempo di lettura stimato":"2 minuti"},"schema":{"@context":"https:\/\/schema.org","@graph":[{"@type":"WebPage","@id":"https:\/\/fisioterapia-equilibrium.ch\/?page_id=251","url":"https:\/\/fisioterapia-equilibrium.ch\/?page_id=251","name":"Reumatologia - Equilibrium","isPartOf":{"@id":"https:\/\/fisioterapia-equilibrium.ch\/#website"},"primaryImageOfPage":{"@id":"https:\/\/fisioterapia-equilibrium.ch\/?page_id=251#primaryimage"},"image":{"@id":"https:\/\/fisioterapia-equilibrium.ch\/?page_id=251#primaryimage"},"thumbnailUrl":"https:\/\/fisioterapia-equilibrium.ch\/wp-content\/uploads\/2021\/10\/DSCF7570-scaled.jpg","datePublished":"2017-02-28T13:19:31+00:00","dateModified":"2022-11-24T12:42:05+00:00","description":"Riabilitazione in seguito traumi o interventi di chirurgia protesica o con mezzi di sintesi. Mobilizzazione articolare passiva\/attiva, linfodrenaggio, recupero ADL, rinforzo muscolare","breadcrumb":{"@id":"https:\/\/fisioterapia-equilibrium.ch\/?page_id=251#breadcrumb"},"inLanguage":"it-IT","potentialAction":[{"@type":"ReadAction","target":["https:\/\/fisioterapia-equilibrium.ch\/?page_id=251"]}]},{"@type":"ImageObject","inLanguage":"it-IT","@id":"https:\/\/fisioterapia-equilibrium.ch\/?page_id=251#primaryimage","url":"https:\/\/fisioterapia-equilibrium.ch\/wp-content\/uploads\/2021\/10\/DSCF7570-scaled.jpg","contentUrl":"https:\/\/fisioterapia-equilibrium.ch\/wp-content\/uploads\/2021\/10\/DSCF7570-scaled.jpg","width":2560,"height":2560,"caption":"Piede arto frattura protesi placca riabilitazione distorsione gonfiore linfedema ortopedia traumatologia reumatologia chirurgia mobilizzazione esercizio attivit\u00e0 muscolatura fascia tape tecar"},{"@type":"BreadcrumbList","@id":"https:\/\/fisioterapia-equilibrium.ch\/?page_id=251#breadcrumb","itemListElement":[{"@type":"ListItem","position":1,"name":"Home","item":"https:\/\/fisioterapia-equilibrium.ch\/"},{"@type":"ListItem","position":2,"name":"Services","item":"https:\/\/fisioterapia-equilibrium.ch\/?page_id=248"},{"@type":"ListItem","position":3,"name":"Reumatologia"}]},{"@type":"WebSite","@id":"https:\/\/fisioterapia-equilibrium.ch\/#website","url":"https:\/\/fisioterapia-equilibrium.ch\/","name":"Fisioterapia Equilibrium","description":"Fisioterapia","publisher":{"@id":"https:\/\/fisioterapia-equilibrium.ch\/#organization"},"alternateName":"Equilibrium","potentialAction":[{"@type":"SearchAction","target":{"@type":"EntryPoint","urlTemplate":"https:\/\/fisioterapia-equilibrium.ch\/?s={search_term_string}"},"query-input":{"@type":"PropertyValueSpecification","valueRequired":true,"valueName":"search_term_string"}}],"inLanguage":"it-IT"},{"@type":"Organization","@id":"https:\/\/fisioterapia-equilibrium.ch\/#organization","name":"Fisioterapia Equilibrium","alternateName":"Equilibrium","url":"https:\/\/fisioterapia-equilibrium.ch\/","logo":{"@type":"ImageObject","inLanguage":"it-IT","@id":"https:\/\/fisioterapia-equilibrium.ch\/#\/schema\/logo\/image\/","url":"https:\/\/fisioterapia-equilibrium.ch\/wp-content\/uploads\/2021\/09\/Logo_Equilibrium_DEF-01.png","contentUrl":"https:\/\/fisioterapia-equilibrium.ch\/wp-content\/uploads\/2021\/09\/Logo_Equilibrium_DEF-01.png","width":3508,"height":2481,"caption":"Fisioterapia Equilibrium"},"image":{"@id":"https:\/\/fisioterapia-equilibrium.ch\/#\/schema\/logo\/image\/"},"sameAs":["https:\/\/www.facebook.com\/micaela.gasparimenotti"]}]}},"_links":{"self":[{"href":"https:\/\/fisioterapia-equilibrium.ch\/index.php?rest_route=\/wp\/v2\/pages\/251","targetHints":{"allow":["GET"]}}],"collection":[{"href":"https:\/\/fisioterapia-equilibrium.ch\/index.php?rest_route=\/wp\/v2\/pages"}],"about":[{"href":"https:\/\/fisioterapia-equilibrium.ch\/index.php?rest_route=\/wp\/v2\/types\/page"}],"author":[{"embeddable":true,"href":"https:\/\/fisioterapia-equilibrium.ch\/index.php?rest_route=\/wp\/v2\/users\/1"}],"replies":[{"embeddable":true,"href":"https:\/\/fisioterapia-equilibrium.ch\/index.php?rest_route=%2Fwp%2Fv2%2Fcomments&post=251"}],"version-history":[{"count":5,"href":"https:\/\/fisioterapia-equilibrium.ch\/index.php?rest_route=\/wp\/v2\/pages\/251\/revisions"}],"predecessor-version":[{"id":628,"href":"https:\/\/fisioterapia-equilibrium.ch\/index.php?rest_route=\/wp\/v2\/pages\/251\/revisions\/628"}],"up":[{"embeddable":true,"href":"https:\/\/fisioterapia-equilibrium.ch\/index.php?rest_route=\/wp\/v2\/pages\/248"}],"wp:featuredmedia":[{"embeddable":true,"href":"https:\/\/fisioterapia-equilibrium.ch\/index.php?rest_route=\/wp\/v2\/media\/451"}],"wp:attachment":[{"href":"https:\/\/fisioterapia-equilibrium.ch\/index.php?rest_route=%2Fwp%2Fv2%2Fmedia&parent=251"}],"curies":[{"name":"wp","href":"https:\/\/api.w.org\/{rel}","templated":true}]}}